{"id":35,"date":"2025-01-10T20:03:55","date_gmt":"2025-01-10T19:03:55","guid":{"rendered":"https:\/\/www.seisida.net\/reunion2025\/?page_id=35"},"modified":"2025-10-20T18:29:33","modified_gmt":"2025-10-20T16:29:33","slug":"programa","status":"publish","type":"page","link":"https:\/\/www.seisida.net\/reunion2025\/programa\/","title":{"rendered":"Programa"},"content":{"rendered":"<p>[et_pb_section fb_built=\u00bb1&#8243; _builder_version=\u00bb4.27.4&#8243; _module_preset=\u00bbdefault\u00bb global_colors_info=\u00bb{}\u00bb][et_pb_row _builder_version=\u00bb4.27.4&#8243; _module_preset=\u00bbdefault\u00bb global_colors_info=\u00bb{}\u00bb][et_pb_column type=\u00bb4_4&#8243; _builder_version=\u00bb4.27.4&#8243; _module_preset=\u00bbdefault\u00bb global_colors_info=\u00bb{}\u00bb][et_pb_text _builder_version=\u00bb4.27.4&#8243; _module_preset=\u00bbdefault\u00bb link_option_url=\u00bbhttps:\/\/canal.uned.es\/series\/68dc4091e00a8e55660fdb73&#8243; link_option_url_new_window=\u00bbon\u00bb global_colors_info=\u00bb{}\u00bb]<\/p>\n<h2>Ya est\u00e1 disponible la grabaci\u00f3n de la reuni\u00f3n, en el Canal UNED <span style=\"text-decoration: underline; color: #000080;\">(Ver)<\/span><\/h2>\n<p>[\/et_pb_text][\/et_pb_column][\/et_pb_row][et_pb_row _builder_version=\u00bb4.27.4&#8243; _module_preset=\u00bbdefault\u00bb global_colors_info=\u00bb{}\u00bb][et_pb_column type=\u00bb4_4&#8243; _builder_version=\u00bb4.27.4&#8243; _module_preset=\u00bbdefault\u00bb global_colors_info=\u00bb{}\u00bb][et_pb_text _builder_version=\u00bb4.27.4&#8243; _module_preset=\u00bbdefault\u00bb global_colors_info=\u00bb{}\u00bb]<\/p>\n<h3>Programa\u00a0Preliminar<\/h3>\n<p>[\/et_pb_text][\/et_pb_column][\/et_pb_row][et_pb_row _builder_version=\u00bb4.27.4&#8243; _module_preset=\u00bbdefault\u00bb custom_margin=\u00bb-4px|auto||auto||\u00bb global_colors_info=\u00bb{}\u00bb custom_padding=\u00bb26px|||||\u00bb][et_pb_column type=\u00bb4_4&#8243; _builder_version=\u00bb4.27.4&#8243; _module_preset=\u00bbdefault\u00bb global_colors_info=\u00bb{}\u00bb][et_pb_text _builder_version=\u00bb4.27.4&#8243; _module_preset=\u00bbdefault\u00bb custom_padding=\u00bb0px|||||\u00bb global_colors_info=\u00bb{}\u00bb]<\/p>\n<p>&nbsp;<\/p>\n<table width=\"96%\" style=\"height: 2044px; width: 96%;\">\n<thead>\n<tr style=\"height: 24px;\">\n<td width=\"19%\" style=\"height: 24px;\"><strong>Hora<\/strong><\/td>\n<td width=\"79%\" style=\"height: 24px;\"><\/td>\n<td width=\"0%\" style=\"height: 24px;\">\u00a0<\/td>\n<\/tr>\n<\/thead>\n<tbody>\n<tr style=\"height: 24px;\">\n<td width=\"19%\" style=\"height: 24px;\"><strong>10.00 \u2013 10.30<\/strong><\/td>\n<td width=\"79%\" style=\"height: 24px;\"><em>Recepci\u00f3n y entrega de documentaci\u00f3n<\/em><\/td>\n<td width=\"0%\" style=\"height: 24px;\">\u00a0<\/td>\n<\/tr>\n<tr style=\"height: 24px;\">\n<td width=\"19%\" style=\"height: 24px;\"><strong>10.30 \u2013 10.50<\/strong><\/td>\n<td width=\"79%\" style=\"height: 24px;\">\n<p><strong>Bienvenida<br \/>Presidentas de la Reuni\u00f3n:<br \/>&#8211; Mar\u00eda Jos\u00e9 Fuster. UNED<br \/>&#8211; Jara Llenas-Garc\u00eda. Vicepresidenta de SEISIDA<\/strong><\/p>\n<p><strong>&#8211; Alejandro Higuera. Decano de la Facultad de Psicolog\u00eda de la UNED<br \/>&#8211; Pedro Gull\u00f3n. DG de Salud P\u00fablica y Equidad en Salud, Ministerio de Sanidad<\/strong><\/p>\n<\/td>\n<td width=\"0%\" style=\"height: 24px;\">\u00a0<\/td>\n<\/tr>\n<tr style=\"height: 24px;\">\n<td colspan=\"2\" width=\"98%\" style=\"height: 24px;\"><\/td>\n<td width=\"0%\" style=\"height: 24px;\">\u00a0<\/td>\n<\/tr>\n<tr style=\"height: 48px;\">\n<td rowspan=\"3\" width=\"19%\" style=\"height: 365px;\"><strong>11.00 \u2013 11.25<\/strong><br \/><strong><br \/><\/strong><\/td>\n<td width=\"79%\" style=\"height: 48px;\"><strong>Conferencia Inaugural<br \/>Moderan: <em>Jara Llenas-Garc\u00eda (SEISIDA) y Alejandro Magallares (UNED)<\/em><\/strong><\/td>\n<td width=\"0%\" style=\"height: 48px;\">\u00a0<\/td>\n<\/tr>\n<tr style=\"height: 120px;\">\n<td width=\"79%\" style=\"height: 120px;\">\n<p><strong><em>\u201c<a href=\"https:\/\/www.seisida.net\/reunion2025\/wp-content\/uploads\/2025\/10\/Mmontes-30-10-25.pptx\"><span style=\"text-decoration: underline;\">Hacia una atenci\u00f3n interdisciplinar centrada en el paciente<\/span><\/a>\u201d<br \/>Ponente: Marisa Montes<\/em><\/strong><\/p>\n<p><strong><em><\/em><\/strong><\/p>\n<\/td>\n<td width=\"0%\" style=\"height: 120px;\">\u00a0<\/td>\n<\/tr>\n<tr style=\"height: 197px;\">\n<td style=\"text-align: center; height: 197px;\">\n<p><strong><em>Patrocinada por:<\/em><\/strong><\/p>\n<p><strong><em><img loading=\"lazy\" decoding=\"async\" src=\"https:\/\/www.seisida.net\/reunion2025\/wp-content\/uploads\/2025\/03\/Con-la-colaboracion-de-ViiV-300x125.png\" width=\"300\" height=\"125\" alt=\"\" class=\"wp-image-143 aligncenter size-medium\" \/><\/em><\/strong><\/p>\n<\/td>\n<td style=\"height: 197px;\"><\/td>\n<\/tr>\n<tr style=\"height: 24px;\">\n<td colspan=\"2\" width=\"98%\" style=\"height: 24px;\"><\/td>\n<td width=\"0%\" style=\"height: 24px;\">\u00a0<\/td>\n<\/tr>\n<tr style=\"height: 48px;\">\n<td rowspan=\"5\" width=\"19%\" style=\"height: 445px;\"><strong>11.30 \u2013 12.30<\/strong><br \/><strong><br \/><\/strong><\/td>\n<td width=\"79%\" style=\"height: 48px;\"><strong>Mesa Redonda 1: Una mirada Interdisciplinar a la Salud mental y VIH<br \/>Moderan: <em>Carlos Iniesta (Fundaci\u00f3n SEISIDA) y Daniel P\u00e9rez (UNED)<\/em><\/strong><\/td>\n<td style=\"height: 48px;\"><\/td>\n<\/tr>\n<tr style=\"height: 48px;\">\n<td width=\"79%\" style=\"height: 48px;\"><u><a href=\"https:\/\/www.seisida.net\/reunion2025\/wp-content\/uploads\/2025\/10\/MR1-1-RETOS-EN-SALUD-MENTAL-REUNION-SEISIDA-2025-29-de-Abril-JAVIER-CURTO-RAMOS.pptx\"><strong>Psiquiatr\u00eda: Retos atenci\u00f3n SM en VIH<\/strong><\/a><br \/><\/u><strong><em>Ponente: Javier Curto<\/em><\/strong><\/td>\n<td style=\"height: 48px;\"><\/td>\n<\/tr>\n<tr style=\"height: 72px;\">\n<td width=\"79%\" style=\"height: 72px;\"><u><a href=\"https:\/\/www.seisida.net\/reunion2025\/wp-content\/uploads\/2025\/10\/MR1-2-Ponencia_saludmental_M-JOSE-FUSTER.pptx\"><strong>Investigaci\u00f3n: resultados del estudio de situaci\u00f3n de la atenci\u00f3n a SM en las personas con VIH<\/strong><\/a><br \/><\/u><strong><em>Ponente: Mar\u00eda Jos\u00e9 Fuster<\/em><\/strong><\/td>\n<td style=\"height: 72px;\"><\/td>\n<\/tr>\n<tr style=\"height: 80px;\">\n<td width=\"79%\" style=\"height: 80px;\">\n<p><u><a href=\"https:\/\/www.seisida.net\/reunion2025\/wp-content\/uploads\/2025\/10\/MR1-3-Herramientas-Cribrad_salud_mental_JORDI-PUIG-SEISIDA-2025-29-de-Abril.pptx\"><strong>Enfermer\u00eda: Herramientas de cribado de SM<\/strong><\/a><br \/><\/u><em><strong>Ponente: Jordi Puig<\/strong><\/em><em><strong><\/strong><\/em><\/p>\n<\/td>\n<td style=\"height: 80px;\"><\/td>\n<\/tr>\n<tr style=\"height: 197px;\">\n<td style=\"height: 197px;\">\n<p style=\"text-align: center;\"><strong><em>Patrocinada por:<\/em><br \/><\/strong><\/p>\n<p><strong><em><img loading=\"lazy\" decoding=\"async\" src=\"https:\/\/www.seisida.net\/reunion2025\/wp-content\/uploads\/2025\/03\/Con-la-colaboracion-de-Gilead-300x125.png\" width=\"300\" height=\"125\" alt=\"\" class=\"wp-image-122 aligncenter size-medium\" \/><\/em><\/strong><\/p>\n<\/td>\n<td style=\"height: 197px;\"><\/td>\n<\/tr>\n<tr style=\"height: 24px;\">\n<td colspan=\"2\" width=\"98%\" style=\"height: 24px;\"><\/td>\n<td width=\"0%\" style=\"height: 24px;\">\u00a0<\/td>\n<\/tr>\n<tr style=\"height: 72px;\">\n<td rowspan=\"4\" width=\"19%\" style=\"height: 437px;\"><strong>12.35 \u2013 13.35<\/strong><br \/><strong><br \/><\/strong><\/td>\n<td width=\"79%\" style=\"height: 72px;\"><strong>Mesa Redonda 2: Respuestas inclusivas: enfoques adaptados a diferentes situaciones de vulnerabilidad<br \/>Moderan: <em>Marta Pastor (Fundaci\u00f3n SEISIDA) y Mar\u00eda del Prado Silv\u00e1n (UNED)<\/em><\/strong><\/td>\n<td width=\"0%\" style=\"height: 72px;\">\u00a0<\/td>\n<\/tr>\n<tr style=\"height: 48px;\">\n<td width=\"79%\" style=\"height: 48px;\"><u><a href=\"https:\/\/www.seisida.net\/reunion2025\/wp-content\/uploads\/2025\/10\/MR2-1-Medicina-comunitaria-y-poblaciones-vulnerables-Asier-Seisida-2025-v29sept.pptx\"><strong>\u00bfMedicina comunitaria para alcanzar \/ acompa\u00f1ar poblaciones vulnerables?<\/strong><\/a><br \/><\/u><strong><em>Ponente: Asier Orcajo<\/em><\/strong><\/td>\n<td width=\"0%\" style=\"height: 48px;\">\u00a0<\/td>\n<\/tr>\n<tr style=\"height: 120px;\">\n<td width=\"79%\" style=\"height: 120px;\">\n<p><u><a href=\"https:\/\/www.seisida.net\/reunion2025\/wp-content\/uploads\/2025\/10\/MR2-2-30-SEPT-VIH-mayores-e-incapacidad-Paulina-R-Seisida-2025.pptx\"><strong>VIH, mayores e incapacidad. An\u00e1lisis de la situaci\u00f3n actual<\/strong><\/a><br \/><\/u><strong><em>Ponente: Paulina Ram\u00edrez<\/em><\/strong><\/p>\n<p><strong><em><\/em><\/strong><\/p>\n<\/td>\n<td width=\"0%\" style=\"height: 120px;\">\u00a0<\/td>\n<\/tr>\n<tr style=\"height: 197px;\">\n<td style=\"text-align: center; height: 197px;\">\n<p><strong><em>Patrocinada por:<\/em><\/strong><\/p>\n<p><strong><em><img loading=\"lazy\" decoding=\"async\" src=\"https:\/\/www.seisida.net\/reunion2025\/wp-content\/uploads\/2025\/03\/Con-la-colaboracion-de-MSD-300x125.png\" width=\"300\" height=\"125\" alt=\"\" class=\"wp-image-144 aligncenter size-medium\" \/><\/em><\/strong><\/p>\n<\/td>\n<td style=\"height: 197px;\"><\/td>\n<\/tr>\n<tr style=\"height: 24px;\">\n<td colspan=\"2\" width=\"98%\" style=\"height: 24px;\"><\/td>\n<td width=\"0%\" style=\"height: 24px;\">\u00a0<\/td>\n<\/tr>\n<tr style=\"height: 48px;\">\n<td width=\"19%\" style=\"height: 48px;\" rowspan=\"5\"><strong>13.30 \u2013 14.30<\/strong><strong><br \/><\/strong><\/td>\n<td colspan=\"2\" width=\"79%\" style=\"height: 48px;\"><strong>Sesi\u00f3n de Comunicaciones orales<br \/>Moderan: <em>Nuria Espinosa (SEISIDA) y Ana Lagu\u00eda (UNED)<\/em><\/strong><\/td>\n<\/tr>\n<tr style=\"height: 24px;\">\n<td colspan=\"2\" style=\"height: 24px;\"><strong>CO1.- \u00ab<a href=\"https:\/\/www.seisida.net\/reunion2025\/wp-content\/uploads\/2025\/10\/CO1-BEATRIZ-GULLON.pptx\">Resultados del cribado de calidad de vida relacionada con la salud en africanos con VIH en un estudio de validaci\u00f3n y adaptaci\u00f3n cultural de Patient-Reported Outcomes<\/a>\u00ab.<br \/><span style=\"text-decoration: underline;\">Ponente<\/span>: <em>Beatriz Gull\u00f3n-Pe\u00f1a<\/em><\/strong><\/td>\n<\/tr>\n<tr style=\"height: 24px;\">\n<td colspan=\"2\" style=\"height: 24px;\"><strong>CO2.- \u00ab<a href=\"https:\/\/www.seisida.net\/reunion2025\/wp-content\/uploads\/2025\/10\/C02-Paule-Gonzalez-SEISIDA-2025-30-de-Septiembre.pptx\">Que nos devuelvan la dignidad robada\u00bb: Injusticia epist\u00e9mica e impacto en salud mental en personas trans trabajadoras sexuales<\/a>\u00ab<br \/><span style=\"text-decoration: underline;\">Ponente<\/span>: <em>Paule Gonz\u00e1lez-Recio<\/em><\/strong><\/td>\n<\/tr>\n<tr>\n<td colspan=\"2\"><strong>CO3.- \u00ab<a href=\"https:\/\/www.seisida.net\/reunion2025\/wp-content\/uploads\/2025\/10\/CO3-JOSE-M-LEYVA-SESIDA-2025-Leyva-Huertas-Giemenez-ORAL.pptx\">La intersecci\u00f3n de VIH, salud mental y maternidad: Experiencias y desaf\u00edos de mujeres en un contexto de vulnerabilidad<\/a>\u00ab<br \/><span style=\"text-decoration: underline;\">Ponente<\/span>: <em>Juan M. Leyva Moral<\/em><\/strong><\/td>\n<\/tr>\n<tr>\n<td colspan=\"2\"><strong>CO4.- \u00ab<a href=\"https:\/\/www.seisida.net\/reunion2025\/wp-content\/uploads\/2025\/10\/CO4-Azucena-Bautista-Hernandez.pptx\">Estigma en el entorno sanitario. Barreras invisibles<\/a>\u00ab<br \/><span style=\"text-decoration: underline;\">Ponente<\/span>: <em>Azucena Bautista Hern\u00e1ndez<\/em><\/strong><\/td>\n<\/tr>\n<tr>\n<td colspan=\"3\"><strong>\u00a0<\/strong><\/td>\n<\/tr>\n<tr style=\"height: 24px;\">\n<td width=\"19%\" style=\"height: 24px;\"><strong>14.30 \u2013 16.00<\/strong><\/td>\n<td width=\"79%\" style=\"height: 24px;\"><em>Comida\/visita posters <\/em><\/td>\n<td width=\"0%\" style=\"height: 24px;\">\u00a0<\/td>\n<\/tr>\n<tr style=\"height: 24px;\">\n<td colspan=\"2\" width=\"98%\" style=\"height: 24px;\"><\/td>\n<td width=\"0%\" style=\"height: 24px;\">\u00a0<\/td>\n<\/tr>\n<tr style=\"height: 48px;\">\n<td rowspan=\"5\" width=\"19%\" style=\"height: 389px;\"><strong>16.00 \u2013 17.00<\/strong><br \/><strong><br \/><\/strong><\/td>\n<td colspan=\"2\" width=\"79%\" style=\"height: 48px;\"><strong>Mesa redonda 3: Prevenci\u00f3n<br \/>Moderan: <em>Lucio Garc\u00eda Fraile (SEISIDA) y Antonio Bustillos (UNED)<\/em><\/strong><\/td>\n<\/tr>\n<tr style=\"height: 48px;\">\n<td colspan=\"2\" width=\"79%\" style=\"height: 48px;\"><u><a href=\"https:\/\/www.seisida.net\/reunion2025\/wp-content\/uploads\/2025\/10\/MR3-1-JORDI-BAROJA-Prevencion-jovenes-CJAS-SEISIDA.pdf\"><strong>Prevenci\u00f3n en j\u00f3venes<\/strong><\/a><br \/><\/u><strong><em>Ponente: Jordi Baroja<\/em><\/strong><\/td>\n<\/tr>\n<tr style=\"height: 48px;\">\n<td colspan=\"2\" width=\"79%\" style=\"height: 48px;\"><strong><u><a href=\"https:\/\/canal.uned.es\/video\/68dcebde33db4ebe4709b482\">PrEP: retos y oportunidades de prevenci\u00f3n<\/a><br \/><\/u><em>Ponente: Ana\u00efs Corma<\/em><\/strong><\/td>\n<\/tr>\n<tr style=\"height: 48px;\">\n<td colspan=\"2\" width=\"79%\" style=\"height: 48px;\"><u><a href=\"https:\/\/www.seisida.net\/reunion2025\/wp-content\/uploads\/2025\/10\/MR3-3-Reduccion_danos_chem_comunitaria.pptx\"><strong>Reducci\u00f3n de riesgos en Chemsex desde el \u00e1mbito comunitario<\/strong><\/a><br \/><\/u><strong><em>Ponente: Jos\u00e9 Canales<\/em><\/strong><\/td>\n<\/tr>\n<tr style=\"height: 197px;\">\n<td colspan=\"2\" style=\"text-align: center; height: 197px;\">\n<p><strong><em>Patrocinada por:<\/em><\/strong><\/p>\n<p><strong><em><img loading=\"lazy\" decoding=\"async\" src=\"https:\/\/www.seisida.net\/reunion2025\/wp-content\/uploads\/2025\/03\/Con-la-colaboracion-de-ViiV-300x125.png\" width=\"300\" height=\"125\" alt=\"\" class=\"wp-image-143 aligncenter size-medium\" \/><\/em><\/strong><\/p>\n<\/td>\n<\/tr>\n<tr style=\"height: 24px;\">\n<td colspan=\"2\" width=\"98%\" style=\"height: 24px;\"><\/td>\n<td width=\"0%\" style=\"height: 24px;\">\u00a0<\/td>\n<\/tr>\n<tr style=\"height: 48px;\">\n<td width=\"19%\" style=\"height: 48px;\"><strong>17.05 \u2013 17.30<\/strong><\/td>\n<td width=\"79%\" style=\"height: 48px;\">\n<p><strong>Conferencia clausura<br \/>Modera: <em>Pablo Ryan (Presidente de SEISIDA)<\/em><\/strong><\/p>\n<p><strong><em> <\/em><\/strong><\/p>\n<p><strong><em>\u00ab<a href=\"https:\/\/www.seisida.net\/reunion2025\/wp-content\/uploads\/2025\/10\/CLAUSURA-JULIA-DEL-AMO_SEISIDA2025_30S.pptx\">Cuidados diversos para necesidades diversas&#8230; desde el Ministerio de Sanidad<\/a>\u00ab<br \/><span style=\"text-decoration: underline;\">Ponente<\/span>: Julia del Amo<br \/><\/em><\/strong><\/p>\n<\/td>\n<td width=\"0%\" style=\"height: 48px;\">\u00a0<\/td>\n<\/tr>\n<tr style=\"height: 24px;\">\n<td width=\"19%\" style=\"height: 24px;\"><strong>17.35 \u2013 18.00<\/strong><\/td>\n<td width=\"79%\" style=\"height: 24px;\"><strong>Clausura <\/strong><\/td>\n<td width=\"0%\" style=\"height: 24px;\">\u00a0<\/td>\n<\/tr>\n<\/tbody>\n<\/table>\n<p>[\/et_pb_text][\/et_pb_column][\/et_pb_row][\/et_pb_section][et_pb_section fb_built=\u00bb1&#8243; _builder_version=\u00bb4.27.4&#8243; _module_preset=\u00bbdefault\u00bb global_colors_info=\u00bb{}\u00bb][et_pb_row _builder_version=\u00bb4.27.4&#8243; _module_preset=\u00bbdefault\u00bb global_colors_info=\u00bb{}\u00bb][et_pb_column type=\u00bb4_4&#8243; _builder_version=\u00bb4.27.4&#8243; _module_preset=\u00bbdefault\u00bb global_colors_info=\u00bb{}\u00bb][et_pb_text _builder_version=\u00bb4.27.4&#8243; _module_preset=\u00bbdefault\u00bb global_colors_info=\u00bb{}\u00bb]<\/p>\n<h2>PATROCINADORES<\/h2>\n<p>[\/et_pb_text][\/et_pb_column][\/et_pb_row][et_pb_row column_structure=\u00bb1_3,1_3,1_3&#8243; _builder_version=\u00bb4.27.4&#8243; _module_preset=\u00bbdefault\u00bb global_colors_info=\u00bb{}\u00bb][et_pb_column type=\u00bb1_3&#8243; _builder_version=\u00bb4.27.4&#8243; _module_preset=\u00bbdefault\u00bb global_colors_info=\u00bb{}\u00bb][et_pb_image src=\u00bbhttps:\/\/www.seisida.net\/reunion2025\/wp-content\/uploads\/2025\/03\/Con-la-colaboracion-de-Gilead.png\u00bb title_text=\u00bbCon-la-colaboracion-de-Gilead\u00bb url=\u00bbhttps:\/\/www.gilead.es\/\u00bb url_new_window=\u00bbon\u00bb _builder_version=\u00bb4.27.4&#8243; _module_preset=\u00bbdefault\u00bb global_colors_info=\u00bb{}\u00bb][\/et_pb_image][\/et_pb_column][et_pb_column type=\u00bb1_3&#8243; _builder_version=\u00bb4.27.4&#8243; _module_preset=\u00bbdefault\u00bb global_colors_info=\u00bb{}\u00bb][et_pb_image src=\u00bbhttps:\/\/www.seisida.net\/reunion2025\/wp-content\/uploads\/2025\/03\/Con-la-colaboracion-de-MSD.png\u00bb title_text=\u00bbCon-la-colaboracion-de-MSD\u00bb url=\u00bbhttps:\/\/www.msd.es\/\u00bb url_new_window=\u00bbon\u00bb _builder_version=\u00bb4.27.4&#8243; _module_preset=\u00bbdefault\u00bb global_colors_info=\u00bb{}\u00bb][\/et_pb_image][\/et_pb_column][et_pb_column type=\u00bb1_3&#8243; _builder_version=\u00bb4.27.4&#8243; _module_preset=\u00bbdefault\u00bb global_colors_info=\u00bb{}\u00bb][et_pb_image src=\u00bbhttps:\/\/www.seisida.net\/reunion2025\/wp-content\/uploads\/2025\/03\/Con-la-colaboracion-de-ViiV.png\u00bb title_text=\u00bbCon-la-colaboracion-de-ViiV\u00bb url=\u00bbhttps:\/\/viivhealthcare.com\/es-es\/\u00bb url_new_window=\u00bbon\u00bb _builder_version=\u00bb4.27.4&#8243; _module_preset=\u00bbdefault\u00bb global_colors_info=\u00bb{}\u00bb][\/et_pb_image][\/et_pb_column][\/et_pb_row][\/et_pb_section]<\/p>\n","protected":false},"excerpt":{"rendered":"<p>Ya est\u00e1 disponible la grabaci\u00f3n de la reuni\u00f3n, en el Canal UNED (Ver)Programa\u00a0Preliminar&nbsp; Hora \u00a0 10.00 \u2013 10.30 Recepci\u00f3n y entrega de documentaci\u00f3n \u00a0 10.30 \u2013 10.50 BienvenidaPresidentas de la Reuni\u00f3n:- Mar\u00eda Jos\u00e9 Fuster. UNED- Jara Llenas-Garc\u00eda. Vicepresidenta de SEISIDA &#8211; Alejandro Higuera. Decano de la Facultad de Psicolog\u00eda de la UNED- Pedro Gull\u00f3n. DG [&hellip;]<\/p>\n","protected":false},"author":1,"featured_media":0,"parent":0,"menu_order":0,"comment_status":"closed","ping_status":"closed","template":"","meta":{"_et_pb_use_builder":"on","_et_pb_old_content":"","_et_gb_content_width":"","footnotes":""},"class_list":["post-35","page","type-page","status-publish","hentry"],"_links":{"self":[{"href":"https:\/\/www.seisida.net\/reunion2025\/wp-json\/wp\/v2\/pages\/35","targetHints":{"allow":["GET"]}}],"collection":[{"href":"https:\/\/www.seisida.net\/reunion2025\/wp-json\/wp\/v2\/pages"}],"about":[{"href":"https:\/\/www.seisida.net\/reunion2025\/wp-json\/wp\/v2\/types\/page"}],"author":[{"embeddable":true,"href":"https:\/\/www.seisida.net\/reunion2025\/wp-json\/wp\/v2\/users\/1"}],"replies":[{"embeddable":true,"href":"https:\/\/www.seisida.net\/reunion2025\/wp-json\/wp\/v2\/comments?post=35"}],"version-history":[{"count":29,"href":"https:\/\/www.seisida.net\/reunion2025\/wp-json\/wp\/v2\/pages\/35\/revisions"}],"predecessor-version":[{"id":285,"href":"https:\/\/www.seisida.net\/reunion2025\/wp-json\/wp\/v2\/pages\/35\/revisions\/285"}],"wp:attachment":[{"href":"https:\/\/www.seisida.net\/reunion2025\/wp-json\/wp\/v2\/media?parent=35"}],"curies":[{"name":"wp","href":"https:\/\/api.w.org\/{rel}","templated":true}]}}