{"id":30,"date":"2025-01-10T20:02:50","date_gmt":"2025-01-10T19:02:50","guid":{"rendered":"https:\/\/www.seisida.net\/reunion2025\/?page_id=30"},"modified":"2025-03-07T16:53:21","modified_gmt":"2025-03-07T15:53:21","slug":"organizacion","status":"publish","type":"page","link":"https:\/\/www.seisida.net\/reunion2025\/organizacion\/","title":{"rendered":"Organizaci\u00f3n"},"content":{"rendered":"<p>[et_pb_section fb_built=\u00bb1&#8243; _builder_version=\u00bb4.27.4&#8243; _module_preset=\u00bbdefault\u00bb global_colors_info=\u00bb{}\u00bb][et_pb_row _builder_version=\u00bb4.27.4&#8243; _module_preset=\u00bbdefault\u00bb global_colors_info=\u00bb{}\u00bb][et_pb_column type=\u00bb4_4&#8243; _builder_version=\u00bb4.27.4&#8243; _module_preset=\u00bbdefault\u00bb global_colors_info=\u00bb{}\u00bb][et_pb_text _builder_version=\u00bb4.27.4&#8243; _module_preset=\u00bbdefault\u00bb global_colors_info=\u00bb{}\u00bb]<\/p>\n<h3>Organizaci\u00f3n<\/h3>\n<p>[\/et_pb_text][\/et_pb_column][\/et_pb_row][et_pb_row column_structure=\u00bb2_5,3_5&#8243; _builder_version=\u00bb4.27.4&#8243; _module_preset=\u00bbdefault\u00bb global_colors_info=\u00bb{}\u00bb][et_pb_column type=\u00bb2_5&#8243; _builder_version=\u00bb4.27.4&#8243; _module_preset=\u00bbdefault\u00bb global_colors_info=\u00bb{}\u00bb][et_pb_image src=\u00bbhttps:\/\/www.seisida.net\/reunion2025\/wp-content\/uploads\/2025\/01\/seisida-logo-300px.jpg\u00bb title_text=\u00bbseisida\u00bb _builder_version=\u00bb4.27.4&#8243; _module_preset=\u00bbdefault\u00bb global_colors_info=\u00bb{}\u00bb][\/et_pb_image][\/et_pb_column][et_pb_column type=\u00bb3_5&#8243; _builder_version=\u00bb4.27.4&#8243; _module_preset=\u00bbdefault\u00bb global_colors_info=\u00bb{}\u00bb][et_pb_text _builder_version=\u00bb4.27.4&#8243; _module_preset=\u00bbdefault\u00bb global_colors_info=\u00bb{}\u00bb]<\/p>\n<h3><strong>Comit\u00e9 Cient\u00edfico y Organizador<\/strong><\/h3>\n<p><strong><span style=\"text-decoration: underline;\">Presidentas<\/span>:<\/strong><\/p>\n<p><strong>M\u00aa Jos\u00e9 Fuster.<\/strong><span>\u00a0UNED \/ SEISIDA, Madrid<\/span><\/p>\n<p><span><strong>Jara Llenas Garc\u00eda.<\/strong>\u00a0Hospital Vega Baja, Orihuela, Alicante.<\/span><\/p>\n<p>[\/et_pb_text][et_pb_text _builder_version=\u00bb4.27.4&#8243; _module_preset=\u00bbdefault\u00bb global_colors_info=\u00bb{}\u00bb]<\/p>\n<p><strong><span style=\"text-decoration: underline;\">Comit\u00e9<\/span>:<\/strong><\/p>\n<p><strong>M. I. Concepci\u00f3n Amador.<\/strong><span>\u00a0Hospital Marina Baixa. La Vila Joiosa, Alicante<\/span><\/p>\n<p><span><strong>Antonio Bustillos.<\/strong>\u00a0Facultad de Psicolog\u00eda, UNED<\/span><\/p>\n<p><span><\/span><strong>Javier Curto Ramos.<\/strong> <span>Hospital Universitario La Paz, Madrid<\/p>\n<p><strong>Julia del Amo.<\/strong> Directora de la Divisi\u00f3n de Control de VIH, ITS, Hepatitis Virales y Tuberculosis. Ministerio de Sanidad<br \/><\/span><\/p>\n<p><strong>Nuria I. Espinosa Aguilera. <\/strong>Hospital Virgen del Rocio, Sevilla<\/p>\n<p><strong>Saulo Fern\u00e1ndez. <\/strong>Facultad de Psicolog\u00eda, UNED<\/p>\n<p><strong>Emmanuela Fern\u00e1ndez Gonz\u00e1lez.<\/strong> Hospital Clinic de Barcelona<\/p>\n<p><strong>M\u00aa Jos\u00e9 Galindo.<\/strong><span>\u00a0Fundaci\u00f3n SEISIDA, Madrid<\/span><\/p>\n<p><strong>Lucio J. Garc\u00eda-Fraile Fraile. <\/strong>Hospital Universitario de la Princesa, Madrid<\/p>\n<p><span><strong>Carlos Iniesta<\/strong>. Fundaci\u00f3n SEISIDA. Madrid<\/span><\/p>\n<p><span><strong>Angels Jaen<\/strong>. Fundaci\u00f3 Doc\u00e8ncia i Recerca M\u00fatua Terrassa<\/span><\/p>\n<p><span><strong>Ana Lagu\u00eda.<\/strong>\u00a0Facultad de Psicolog\u00eda, UNED<\/span><\/p>\n<p><span><strong>Mar\u00eda Eugenia Negredo.<\/strong>\u00a0Fundaci\u00f3n SEISIDA, Madrid<\/span><\/p>\n<p><span><strong>Antonio Ocampo Hermida.<\/strong>\u00a0Hospital Alvaro Cunqueiro, Vigo<\/span><\/p>\n<p><span><strong>Marta Pastor.<\/strong>\u00a0Fundaci\u00f3n SEISIDA, Madrid<\/span><\/p>\n<p><strong>Daniel P\u00e9rez. <\/strong>Facultad de Psicolog\u00eda, UNED<\/p>\n<p><span><b>Jos\u00e9 Antonio P\u00e9rez Molina<\/b>. Hospital Universitario Ram\u00f3n y Cajal.\/\/ Presidente Fundaci\u00f3n SEISIDA<\/span><\/p>\n<p><span><strong>Paulina Ram\u00edrez Carvajal.<\/strong>\u00a0Universidad de Alcal\u00e1 de Henares, Madrid<\/span><\/p>\n<p><span><strong>Margarita Ram\u00edrez Schacke.<\/strong>\u00a0Hospital General Universitario Gregorio Mara\u00f1\u00f3n, Madrid<\/span><\/p>\n<p><span><strong>Pablo Ryan Murua.<\/strong>\u00a0Hospital Infanta Leonor, Madrid. \/\/ Presidente de SEISIDA<\/span><\/p>\n<p><strong>Prados Silv\u00e1n. <\/strong>Facultad de Psicolog\u00eda, UNED<\/p>\n<p><span><\/span><\/p>\n<p>[\/et_pb_text][\/et_pb_column][\/et_pb_row][\/et_pb_section][et_pb_section fb_built=\u00bb1&#8243; _builder_version=\u00bb4.27.4&#8243; _module_preset=\u00bbdefault\u00bb global_colors_info=\u00bb{}\u00bb][et_pb_row _builder_version=\u00bb4.27.4&#8243; _module_preset=\u00bbdefault\u00bb global_colors_info=\u00bb{}\u00bb][et_pb_column type=\u00bb4_4&#8243; _builder_version=\u00bb4.27.4&#8243; _module_preset=\u00bbdefault\u00bb global_colors_info=\u00bb{}\u00bb][et_pb_text _builder_version=\u00bb4.27.4&#8243; _module_preset=\u00bbdefault\u00bb global_colors_info=\u00bb{}\u00bb]<\/p>\n<h2>PATROCINADORES<\/h2>\n<p>[\/et_pb_text][\/et_pb_column][\/et_pb_row][et_pb_row column_structure=\u00bb1_3,1_3,1_3&#8243; _builder_version=\u00bb4.27.4&#8243; _module_preset=\u00bbdefault\u00bb global_colors_info=\u00bb{}\u00bb][et_pb_column type=\u00bb1_3&#8243; _builder_version=\u00bb4.27.4&#8243; _module_preset=\u00bbdefault\u00bb global_colors_info=\u00bb{}\u00bb][et_pb_image src=\u00bbhttps:\/\/www.seisida.net\/reunion2025\/wp-content\/uploads\/2025\/03\/Con-la-colaboracion-de-Gilead.png\u00bb title_text=\u00bbCon-la-colaboracion-de-Gilead\u00bb url=\u00bbhttps:\/\/www.gilead.es\/\u00bb url_new_window=\u00bbon\u00bb _builder_version=\u00bb4.27.4&#8243; _module_preset=\u00bbdefault\u00bb global_colors_info=\u00bb{}\u00bb][\/et_pb_image][\/et_pb_column][et_pb_column type=\u00bb1_3&#8243; _builder_version=\u00bb4.27.4&#8243; _module_preset=\u00bbdefault\u00bb global_colors_info=\u00bb{}\u00bb][et_pb_image src=\u00bbhttps:\/\/www.seisida.net\/reunion2025\/wp-content\/uploads\/2025\/03\/Con-la-colaboracion-de-MSD.png\u00bb title_text=\u00bbCon-la-colaboracion-de-MSD\u00bb url=\u00bbhttps:\/\/www.msd.es\/\u00bb url_new_window=\u00bbon\u00bb _builder_version=\u00bb4.27.4&#8243; _module_preset=\u00bbdefault\u00bb global_colors_info=\u00bb{}\u00bb][\/et_pb_image][\/et_pb_column][et_pb_column type=\u00bb1_3&#8243; _builder_version=\u00bb4.27.4&#8243; _module_preset=\u00bbdefault\u00bb global_colors_info=\u00bb{}\u00bb][et_pb_image src=\u00bbhttps:\/\/www.seisida.net\/reunion2025\/wp-content\/uploads\/2025\/03\/Con-la-colaboracion-de-ViiV.png\u00bb title_text=\u00bbCon-la-colaboracion-de-ViiV\u00bb url=\u00bbhttps:\/\/viivhealthcare.com\/es-es\/\u00bb url_new_window=\u00bbon\u00bb _builder_version=\u00bb4.27.4&#8243; _module_preset=\u00bbdefault\u00bb global_colors_info=\u00bb{}\u00bb][\/et_pb_image][\/et_pb_column][\/et_pb_row][\/et_pb_section]<\/p>\n","protected":false},"excerpt":{"rendered":"<p>Organizaci\u00f3nComit\u00e9 Cient\u00edfico y Organizador Presidentas: M\u00aa Jos\u00e9 Fuster.\u00a0UNED \/ SEISIDA, Madrid Jara Llenas Garc\u00eda.\u00a0Hospital Vega Baja, Orihuela, Alicante.Comit\u00e9: M. I. Concepci\u00f3n Amador.\u00a0Hospital Marina Baixa. La Vila Joiosa, Alicante Antonio Bustillos.\u00a0Facultad de Psicolog\u00eda, UNED Javier Curto Ramos. Hospital Universitario La Paz, MadridJulia del Amo. Directora de la Divisi\u00f3n de Control de VIH, ITS, Hepatitis Virales y [&hellip;]<\/p>\n","protected":false},"author":1,"featured_media":0,"parent":0,"menu_order":0,"comment_status":"closed","ping_status":"closed","template":"","meta":{"_et_pb_use_builder":"on","_et_pb_old_content":"","_et_gb_content_width":"","footnotes":""},"class_list":["post-30","page","type-page","status-publish","hentry"],"_links":{"self":[{"href":"https:\/\/www.seisida.net\/reunion2025\/wp-json\/wp\/v2\/pages\/30","targetHints":{"allow":["GET"]}}],"collection":[{"href":"https:\/\/www.seisida.net\/reunion2025\/wp-json\/wp\/v2\/pages"}],"about":[{"href":"https:\/\/www.seisida.net\/reunion2025\/wp-json\/wp\/v2\/types\/page"}],"author":[{"embeddable":true,"href":"https:\/\/www.seisida.net\/reunion2025\/wp-json\/wp\/v2\/users\/1"}],"replies":[{"embeddable":true,"href":"https:\/\/www.seisida.net\/reunion2025\/wp-json\/wp\/v2\/comments?post=30"}],"version-history":[{"count":15,"href":"https:\/\/www.seisida.net\/reunion2025\/wp-json\/wp\/v2\/pages\/30\/revisions"}],"predecessor-version":[{"id":168,"href":"https:\/\/www.seisida.net\/reunion2025\/wp-json\/wp\/v2\/pages\/30\/revisions\/168"}],"wp:attachment":[{"href":"https:\/\/www.seisida.net\/reunion2025\/wp-json\/wp\/v2\/media?parent=30"}],"curies":[{"name":"wp","href":"https:\/\/api.w.org\/{rel}","templated":true}]}}