{"id":221,"date":"2025-09-29T18:07:49","date_gmt":"2025-09-29T16:07:49","guid":{"rendered":"https:\/\/www.seisida.net\/reunion2025\/?page_id=221"},"modified":"2025-09-29T18:14:05","modified_gmt":"2025-09-29T16:14:05","slug":"programa-2","status":"publish","type":"page","link":"https:\/\/www.seisida.net\/reunion2025\/programa-2\/","title":{"rendered":"P\u00f3ster Reuni\u00f3n"},"content":{"rendered":"<p>[et_pb_section fb_built=\u00bb1&#8243; _builder_version=\u00bb4.27.4&#8243; _module_preset=\u00bbdefault\u00bb global_colors_info=\u00bb{}\u00bb][et_pb_row _builder_version=\u00bb4.27.4&#8243; _module_preset=\u00bbdefault\u00bb global_colors_info=\u00bb{}\u00bb][et_pb_column type=\u00bb4_4&#8243; _builder_version=\u00bb4.27.4&#8243; _module_preset=\u00bbdefault\u00bb global_colors_info=\u00bb{}\u00bb][et_pb_text _builder_version=\u00bb4.27.4&#8243; _module_preset=\u00bbdefault\u00bb custom_padding=\u00bb||0px|||\u00bb global_colors_info=\u00bb{}\u00bb]<\/p>\n<h2>P\u00f3ster Reuni\u00f3n<\/h2>\n<p>[\/et_pb_text][\/et_pb_column][\/et_pb_row][et_pb_row _builder_version=\u00bb4.27.4&#8243; _module_preset=\u00bbdefault\u00bb global_colors_info=\u00bb{}\u00bb][et_pb_column type=\u00bb4_4&#8243; _builder_version=\u00bb4.27.4&#8243; _module_preset=\u00bbdefault\u00bb global_colors_info=\u00bb{}\u00bb][et_pb_text _builder_version=\u00bb4.27.4&#8243; _module_preset=\u00bbdefault\u00bb link_option_url_new_window=\u00bbon\u00bb global_colors_info=\u00bb{}\u00bb]<\/p>\n<table width=\"1731\">\n<tbody>\n<tr>\n<td width=\"90\" style=\"text-align: center;\"><strong>P01<\/strong><\/td>\n<td width=\"1641\"><a href=\"https:\/\/www.seisida.net\/reunion2025\/wp-content\/uploads\/2025\/09\/P01-SEISIDA2025-Poster-ID.1-Enterate-y-Actua.pdf\" target=\"_blank\" rel=\"noopener\">ENTERATE Y ACTUA<\/a><\/td>\n<\/tr>\n<tr>\n<td style=\"text-align: center;\"><strong>P02<\/strong><\/td>\n<td><a href=\"https:\/\/www.seisida.net\/reunion2025\/wp-content\/uploads\/2025\/09\/P02-SEISIDA2025-Poster-ID.02-Entre-Pares.pdf\" target=\"_blank\" rel=\"noopener\">ATENCI\u00d3N SOCIOSANITARIA A PERSONAS CON VIH\u00a0 \u201cENTRE PARES\u201d<\/a><\/td>\n<\/tr>\n<tr>\n<td style=\"text-align: center;\"><strong>P03<\/strong><\/td>\n<td><a href=\"https:\/\/www.seisida.net\/reunion2025\/wp-content\/uploads\/2025\/09\/P03-SEISIDA2025-HEPINMIGRApara-imprimir.pdf\" target=\"_blank\" rel=\"noopener\">CRIBADO COMUNITARIO DE VIH Y HEPATITIS VIRALES CON GOTA SECA EN POBLACI\u00d3N MIGRANTE. RESULTADOS PRELIMINARES DEL ESTUDIO HEPINMIGRA<\/a><\/td>\n<\/tr>\n<tr>\n<td style=\"text-align: center;\"><strong>P04<\/strong><\/td>\n<td><a href=\"https:\/\/www.seisida.net\/reunion2025\/wp-content\/uploads\/2025\/09\/P04-SEISIDA-2025.pdf\" target=\"_blank\" rel=\"noopener\">VOCES DE USUARIOS DE SLAM EN CONTEXTOS DE CHEMSEX: 21 TEOR\u00cdAS SOBRE EL SLAM EN ESPA\u00d1A<\/a><\/td>\n<\/tr>\n<tr>\n<td style=\"text-align: center;\"><strong>P05<\/strong><\/td>\n<td><a href=\"https:\/\/www.seisida.net\/reunion2025\/wp-content\/uploads\/2025\/09\/P05-250429-Poster-P05-Seisida.pdf\" target=\"_blank\" rel=\"noopener\">LA TERAPIA ANTIRRETROVIRAL DE ACCI\u00d3N PROLONGADA: OPCI\u00d3N Y\u00a0 OPORTUNIDAD PARA MEJORAR LA CALIDAD DE VIDA DE LAS PERSONAS CON VIH<\/a><\/td>\n<\/tr>\n<tr>\n<td style=\"text-align: center;\"><strong>P06<\/strong><\/td>\n<td><a href=\"https:\/\/www.seisida.net\/reunion2025\/wp-content\/uploads\/2025\/09\/P06-POSTER-SEISIDA-Loving-Diversity.pdf\" target=\"_blank\" rel=\"noopener\">LOVING DIVERSITY: ACCI\u00d3N Y PROMOCI\u00d3N CULTURAL FRENTE A LA LGTBIFOBIA Y LA SEROFOBIA ENMARCADAS EN UN SISTEMA DE CUIDADOS MULTIESPACIO<\/a><\/td>\n<\/tr>\n<tr>\n<td style=\"text-align: center;\"><strong>P07<\/strong><\/td>\n<td><a href=\"https:\/\/www.seisida.net\/reunion2025\/wp-content\/uploads\/2025\/09\/P07-SEISIDA2025-Poster-rrdd-genero.pdf\" target=\"_blank\" rel=\"noopener\">REDUCCI\u00d3N DE RIESGOS Y DA\u00d1OS CON PERSPECTIVA DE G\u00c9NERO<\/a><\/td>\n<\/tr>\n<tr>\n<td style=\"text-align: center;\"><strong>P08<\/strong><\/td>\n<td><a href=\"https:\/\/www.seisida.net\/reunion2025\/wp-content\/uploads\/2025\/09\/P08-poster-2.pdf\" target=\"_blank\" rel=\"noopener\">AN\u00c1LISIS DE LA SITUACI\u00d3N, EVALUACI\u00d3N Y PROPUESTAS DE MEJORA DE CENTROS DE INFORMACI\u00d3N, PREVENCI\u00d3N DE VIH\/SIDA Y OTRAS ITS (CONOCIDOS COMO CIPS) EN LA COMUNIDAD VALENCIANA<\/a><\/td>\n<\/tr>\n<tr>\n<td style=\"text-align: center;\"><strong>P09<\/strong><\/td>\n<td><a href=\"https:\/\/www.seisida.net\/reunion2025\/wp-content\/uploads\/2025\/09\/P09-SEISIDA2025-Poster.pdf\" target=\"_blank\" rel=\"noopener\">IMPACTO DE UN MODELO DE INTERVENCI\u00d3N MULTIDISCIPLINAR PARA LA REDUCCI\u00d3N DEL ESTIGMA SOCIAL DE LA PERSONA CON VIH<\/a><\/td>\n<\/tr>\n<tr>\n<td style=\"text-align: center;\"><strong>P10<\/strong><\/td>\n<td><a href=\"https:\/\/www.seisida.net\/reunion2025\/wp-content\/uploads\/2025\/09\/P10-poster-seisida.pdf\" target=\"_blank\" rel=\"noopener\">INEQUIDADES EN LA PREVENCI\u00d3N DEL VIH ENTRE LAS PERSONAS TRANS Y\/O NO BINARIAS: UN AN\u00c1LISIS TRANSVERSAL DEL CONOCIMIENTO Y EL USO DE LA PREP Y LA PEP EN ESPA\u00d1A A PARTIR DE UNA ENCUESTA NACIONAL<\/a><\/td>\n<\/tr>\n<tr>\n<td style=\"text-align: center;\"><strong>P11<\/strong><\/td>\n<td><a href=\"https:\/\/www.seisida.net\/reunion2025\/wp-content\/uploads\/2025\/09\/P11-SEISIDA2025-Salud-sexual-chem_CCASCV.pdf\" target=\"_blank\" rel=\"noopener\">MEJORA DE LA SALUD SEXUAL DE LOS HOMBRES QUE TIENEN SEXO CON HOMBRES Y PERSONAS TRANS, ESPECIALMENTE USUARIO\/AS CHEMSEX<\/a><\/td>\n<\/tr>\n<tr>\n<td style=\"text-align: center;\"><strong>P12<\/strong><\/td>\n<td><a href=\"https:\/\/www.seisida.net\/reunion2025\/wp-content\/uploads\/2025\/09\/P12-Poster-TeP-Seisida-2025.pdf\" target=\"_blank\" rel=\"noopener\">AN\u00c1LISIS DE LAS DIFICULTADES DE ACCESO AL \u00c1MBITO LABORAL DE LAS PERSONAS MIGRANTES CON VIH Y EN SITUACI\u00d3N ADMINISTRATIVA IRREGULAR EN EL TERRITORIO ESPA\u00d1OL<\/a><\/td>\n<\/tr>\n<tr>\n<td style=\"text-align: center;\"><strong>P13<\/strong><\/td>\n<td><\/td>\n<\/tr>\n<tr>\n<td style=\"text-align: center;\"><strong>P14<\/strong><\/td>\n<td><a href=\"https:\/\/www.seisida.net\/reunion2025\/wp-content\/uploads\/2025\/09\/P14-SEISIDA2025-Roser-Font-_P14.pdf\" target=\"_blank\" rel=\"noopener\">PERFIL DE INFECCIONES DE TRANSMISI\u00d3N SEXUAL EN PACIENTES CON VIH, EN USUARIOS DE PREP Y EN POBLACI\u00d3N SIN PREP<\/a><\/td>\n<\/tr>\n<tr>\n<td style=\"text-align: center;\"><strong>P15<\/strong><\/td>\n<td><a href=\"https:\/\/www.seisida.net\/reunion2025\/wp-content\/uploads\/2025\/09\/P15-seisida-poster-nuevo.pdf\" target=\"_blank\" rel=\"noopener\">UNIDAD DE SEGUIMIENTO CERCANO (UVAAD): 25 A\u00d1OS CUIDANDO LA COMPLEJIDAD<\/a><\/td>\n<\/tr>\n<tr>\n<td style=\"text-align: center;\"><strong>P16<\/strong><\/td>\n<td><a href=\"https:\/\/www.seisida.net\/reunion2025\/wp-content\/uploads\/2025\/09\/P16-SEISIDA2025-PERFILES_paraimprimir.pdf\" target=\"_blank\" rel=\"noopener\">COMPARACI\u00d3N DE LOS PERFILES Y COMPLEJIDAD DE PACIENTES VIH EN PACIENTES AUT\u00d3CTONOS Y MIGRANTES. \u00bfNECESITAMOS UN PERFIL DE MIGRANTE?<\/a><\/td>\n<\/tr>\n<tr>\n<td style=\"text-align: center;\"><strong>P17<\/strong><\/td>\n<td><a href=\"https:\/\/www.seisida.net\/reunion2025\/wp-content\/uploads\/2025\/09\/P17-Factores-psicosociales.pdf\" target=\"_blank\" rel=\"noopener\">FACTORES PSICOSOCIALES EN LA PERCEPCI\u00d3N DE NECESIDAD DE SERVICIOS DE APOYO EN PERSONAS QUE VIVEN CON VIH<\/a><\/td>\n<\/tr>\n<tr>\n<td style=\"text-align: center;\"><strong>P18<\/strong><\/td>\n<td><a href=\"https:\/\/www.seisida.net\/reunion2025\/wp-content\/uploads\/2025\/09\/P18-SEISIDA-2025.pdf\" target=\"_blank\" rel=\"noopener\">CALIDAD DE VIDA EN MENORES, ADOLESCENTES Y ADULTOS J\u00d3VENES QUE VIVEN CON EL VIH EN LA COMUNIDAD DE MADRID<\/a><\/td>\n<\/tr>\n<tr>\n<td style=\"text-align: center;\"><strong>P19<\/strong><\/td>\n<td><a href=\"https:\/\/www.seisida.net\/reunion2025\/wp-content\/uploads\/2025\/09\/P19-POSTER-SEISIDA.pdf\" target=\"_blank\" rel=\"noopener\">AN\u00c1LISIS Y CONFIGURACI\u00d3N DE UN MODELO \u00d3PTIMO DE ATENCI\u00d3N A PACIENTES CON INFECCI\u00d3N POR VIH EN SITUACI\u00d3N DE ALTA VULNERABILIDAD SOCIAL EN BILBAO<\/a><\/td>\n<\/tr>\n<tr>\n<td style=\"text-align: center;\"><strong>P20<\/strong><\/td>\n<td><a href=\"https:\/\/www.seisida.net\/reunion2025\/wp-content\/uploads\/2025\/09\/P20-SEISIDA2025-Poster-p20-Adhara-Josemi.pdf\" target=\"_blank\" rel=\"noopener\">NECESIDADES DE APOYO EN EL CHEMSEX: UN ESTUDIO CUALITATIVO BASADO EN RELATOS<\/a><\/td>\n<\/tr>\n<tr>\n<td style=\"text-align: center;\"><strong>P21<\/strong><\/td>\n<td><a href=\"https:\/\/www.seisida.net\/reunion2025\/wp-content\/uploads\/2025\/09\/P21-PosterSeisida2025.pdf\" target=\"_blank\" rel=\"noopener\">EVALUACI\u00d3N DE LA VACUNACI\u00d3N FRENTE AL MPOX EN EL CENTRO COMUNITARIO BCN CHECKPOINT<\/a><\/td>\n<\/tr>\n<tr>\n<td style=\"text-align: center;\"><strong>P22<\/strong><\/td>\n<td><a href=\"https:\/\/www.seisida.net\/reunion2025\/wp-content\/uploads\/2025\/09\/P22-SEISIDA2025-CARPAS-Poster.pdf\" target=\"_blank\" rel=\"noopener\">CARPAS COMO ESTRATEGIA DE SENSIBILIZACI\u00d3N Y CRIBADO POBLACIONAL: PRUEBAS R\u00c1PIDAS VIRUS DE LA INMUNODEFICIENCIA HUMANA<\/a><\/td>\n<\/tr>\n<tr>\n<td style=\"text-align: center;\"><strong>P23<\/strong><\/td>\n<td><a href=\"https:\/\/www.seisida.net\/reunion2025\/wp-content\/uploads\/2025\/09\/P23-SEISIDA2025-VG-DG.pdf\" target=\"_blank\" rel=\"noopener\">PERCEPCI\u00d3N DEL DOLOR EN LA ADMINISTRACI\u00d3N VENTROGL\u00daTEA VS DORSOGL\u00daTEA DEL TRATAMIENTO ANTIRRETROVIRAL DE ACCI\u00d3N PROLONGADA<\/a><\/td>\n<\/tr>\n<tr>\n<td style=\"text-align: center;\"><strong>P24<\/strong><\/td>\n<td><a href=\"https:\/\/www.seisida.net\/reunion2025\/wp-content\/uploads\/2025\/09\/P24-SEISIDA2025-Evolucion-de-la-morbimortalidad.pdf\" target=\"_blank\" rel=\"noopener\">EVOLUCI\u00d3N DE LA MORBIMORTALIDAD EN PERSONAS CON VIH Y MARGINACI\u00d3N SOCIAL EN EL HOGAR GERASA Y PREVALENCIA DE PATOLOG\u00cdAS F\u00cdSICAS Y MENTALES EN LA ACTUALIDAD<\/a><\/td>\n<\/tr>\n<tr>\n<td style=\"text-align: center;\"><strong>P25<\/strong><\/td>\n<td><a href=\"https:\/\/www.seisida.net\/reunion2025\/wp-content\/uploads\/2025\/09\/P25-Poster_a_mida.pdf\" target=\"_blank\" rel=\"noopener\">LA SINGULARIDAD DE LOS CUIDADOS<\/a><\/td>\n<\/tr>\n<tr>\n<td style=\"text-align: center;\"><strong>P26<\/strong><\/td>\n<td><a href=\"https:\/\/www.seisida.net\/reunion2025\/wp-content\/uploads\/2025\/09\/P26-SEISIDA2025-Poster-ID.26-Empleavihlidad.pdf\" target=\"_blank\" rel=\"noopener\">EMPLEAVIHLIDAD<\/a><\/td>\n<\/tr>\n<tr>\n<td style=\"text-align: center;\"><strong>P27<\/strong><\/td>\n<td><a href=\"https:\/\/www.seisida.net\/reunion2025\/wp-content\/uploads\/2025\/09\/P27-Paulina-Ramirez.pdf\" target=\"_blank\" rel=\"noopener\">LOS DETERMINANTES LEGALES DE LA SALUD O C\u00d3MO INFLUYE EL DERECHO EN LA SALUD DE LAS PERSONAS CON EL VIH<\/a><\/td>\n<\/tr>\n<tr>\n<td style=\"text-align: center;\"><strong>P28<\/strong><\/td>\n<td><a href=\"https:\/\/www.seisida.net\/reunion2025\/wp-content\/uploads\/2025\/09\/P28-Situacion-migratoria.pdf\" target=\"_blank\" rel=\"noopener\">SITUACI\u00d3N MIGRATORIA, APOYO SOCIAL Y NECESIDADES PSICOSOCIALES EN MIGRANTES CON VIH EN ESPA\u00d1A: AN\u00c1LISIS DESCRIPTIVO DE UNA COHORTE<\/a><\/td>\n<\/tr>\n<tr>\n<td style=\"text-align: center;\"><strong>P29<\/strong><\/td>\n<td><a href=\"https:\/\/www.seisida.net\/reunion2025\/wp-content\/uploads\/2025\/09\/P29-SEISIDA2025-Poster-ID.29-MUJERES.pdf\" target=\"_blank\" rel=\"noopener\">MUJERES POSITIVAS + \u00abCUIDADOS DIVERSOS PARA NECESIDADES DIVERSAS\u00bb<\/a><\/td>\n<\/tr>\n<tr>\n<td style=\"text-align: center;\"><strong>P30<\/strong><\/td>\n<td><a href=\"https:\/\/www.seisida.net\/reunion2025\/wp-content\/uploads\/2025\/09\/P30-SEISIDA2025-Poster_CMSc_test_VIH.pdf\" target=\"_blank\" rel=\"noopener\">RED DE CENTROS MUNICIPALES DE SALUD COMUNITARIA DE PREVENCI\u00d3N Y DIAGN\u00d3STICO DE INFECCIONES DE TRANSMISI\u00d3N SEXUAL Y VIRUS DE LA INMUNODEFICIENCIA HUMANA (MADRID SALUD, AYUNTAMIENTO DE MADRID).<\/a><\/td>\n<\/tr>\n<tr>\n<td style=\"text-align: center;\"><strong>P31<\/strong><\/td>\n<td><a href=\"https:\/\/www.seisida.net\/reunion2025\/wp-content\/uploads\/2025\/09\/P31-Poster-SEISIDA-Madrid-2025-Imprimir.pdf\" target=\"_blank\" rel=\"noopener\">DE LO BIOM\u00c9DICO A LO COMUNITARIO: UN ENFOQUE PSICOSOCIAL PARA PERSONAS LGTBIQ+ CON VIH<\/a><\/td>\n<\/tr>\n<tr>\n<td style=\"text-align: center;\"><strong>P32<\/strong><\/td>\n<td><a href=\"https:\/\/www.seisida.net\/reunion2025\/wp-content\/uploads\/2025\/09\/P32-SEISIDA2025-Poster-ID.32-Camino-al-Cuarto-95.pdf\" target=\"_blank\" rel=\"noopener\">CAMINO AL CUARTO 95<\/a><\/td>\n<\/tr>\n<tr>\n<td style=\"text-align: center;\"><strong>P33<\/strong><\/td>\n<td><a href=\"https:\/\/www.seisida.net\/reunion2025\/wp-content\/uploads\/2025\/09\/P33-SEISIDA-2025-ZERO-VIOLENCE.pdf\" target=\"_blank\" rel=\"noopener\">ZERO VIOLENCE: CONSENTIMIENTO Y VIOLENCIAS EN CONTEXTOS DE CHEMSEX<\/a><\/td>\n<\/tr>\n<\/tbody>\n<\/table>\n<p>[\/et_pb_text][\/et_pb_column][\/et_pb_row][\/et_pb_section][et_pb_section fb_built=\u00bb1&#8243; _builder_version=\u00bb4.27.4&#8243; _module_preset=\u00bbdefault\u00bb global_colors_info=\u00bb{}\u00bb][et_pb_row _builder_version=\u00bb4.27.4&#8243; _module_preset=\u00bbdefault\u00bb global_colors_info=\u00bb{}\u00bb][et_pb_column type=\u00bb4_4&#8243; _builder_version=\u00bb4.27.4&#8243; _module_preset=\u00bbdefault\u00bb global_colors_info=\u00bb{}\u00bb][et_pb_text _builder_version=\u00bb4.27.4&#8243; _module_preset=\u00bbdefault\u00bb global_colors_info=\u00bb{}\u00bb]<\/p>\n<h2>PATROCINADORES<\/h2>\n<p>[\/et_pb_text][\/et_pb_column][\/et_pb_row][et_pb_row column_structure=\u00bb1_3,1_3,1_3&#8243; _builder_version=\u00bb4.27.4&#8243; _module_preset=\u00bbdefault\u00bb global_colors_info=\u00bb{}\u00bb][et_pb_column type=\u00bb1_3&#8243; _builder_version=\u00bb4.27.4&#8243; _module_preset=\u00bbdefault\u00bb global_colors_info=\u00bb{}\u00bb][et_pb_image src=\u00bbhttps:\/\/www.seisida.net\/reunion2025\/wp-content\/uploads\/2025\/03\/Con-la-colaboracion-de-Gilead.png\u00bb title_text=\u00bbCon-la-colaboracion-de-Gilead\u00bb url=\u00bbhttps:\/\/www.gilead.es\/\u00bb url_new_window=\u00bbon\u00bb _builder_version=\u00bb4.27.4&#8243; _module_preset=\u00bbdefault\u00bb global_colors_info=\u00bb{}\u00bb][\/et_pb_image][\/et_pb_column][et_pb_column type=\u00bb1_3&#8243; _builder_version=\u00bb4.27.4&#8243; _module_preset=\u00bbdefault\u00bb global_colors_info=\u00bb{}\u00bb][et_pb_image src=\u00bbhttps:\/\/www.seisida.net\/reunion2025\/wp-content\/uploads\/2025\/03\/Con-la-colaboracion-de-MSD.png\u00bb title_text=\u00bbCon-la-colaboracion-de-MSD\u00bb url=\u00bbhttps:\/\/www.msd.es\/\u00bb url_new_window=\u00bbon\u00bb _builder_version=\u00bb4.27.4&#8243; _module_preset=\u00bbdefault\u00bb global_colors_info=\u00bb{}\u00bb][\/et_pb_image][\/et_pb_column][et_pb_column type=\u00bb1_3&#8243; _builder_version=\u00bb4.27.4&#8243; _module_preset=\u00bbdefault\u00bb global_colors_info=\u00bb{}\u00bb][et_pb_image src=\u00bbhttps:\/\/www.seisida.net\/reunion2025\/wp-content\/uploads\/2025\/03\/Con-la-colaboracion-de-ViiV.png\u00bb title_text=\u00bbCon-la-colaboracion-de-ViiV\u00bb url=\u00bbhttps:\/\/viivhealthcare.com\/es-es\/\u00bb url_new_window=\u00bbon\u00bb _builder_version=\u00bb4.27.4&#8243; _module_preset=\u00bbdefault\u00bb global_colors_info=\u00bb{}\u00bb][\/et_pb_image][\/et_pb_column][\/et_pb_row][\/et_pb_section]<\/p>\n","protected":false},"excerpt":{"rendered":"<p>P\u00f3ster Reuni\u00f3n P01 ENTERATE Y ACTUA P02 ATENCI\u00d3N SOCIOSANITARIA A PERSONAS CON VIH\u00a0 \u201cENTRE PARES\u201d P03 CRIBADO COMUNITARIO DE VIH Y HEPATITIS VIRALES CON GOTA SECA EN POBLACI\u00d3N MIGRANTE. RESULTADOS PRELIMINARES DEL ESTUDIO HEPINMIGRA P04 VOCES DE USUARIOS DE SLAM EN CONTEXTOS DE CHEMSEX: 21 TEOR\u00cdAS SOBRE EL SLAM EN ESPA\u00d1A P05 LA TERAPIA ANTIRRETROVIRAL [&hellip;]<\/p>\n","protected":false},"author":1,"featured_media":0,"parent":0,"menu_order":0,"comment_status":"closed","ping_status":"closed","template":"","meta":{"_et_pb_use_builder":"on","_et_pb_old_content":"","_et_gb_content_width":"","footnotes":""},"class_list":["post-221","page","type-page","status-publish","hentry"],"_links":{"self":[{"href":"https:\/\/www.seisida.net\/reunion2025\/wp-json\/wp\/v2\/pages\/221","targetHints":{"allow":["GET"]}}],"collection":[{"href":"https:\/\/www.seisida.net\/reunion2025\/wp-json\/wp\/v2\/pages"}],"about":[{"href":"https:\/\/www.seisida.net\/reunion2025\/wp-json\/wp\/v2\/types\/page"}],"author":[{"embeddable":true,"href":"https:\/\/www.seisida.net\/reunion2025\/wp-json\/wp\/v2\/users\/1"}],"replies":[{"embeddable":true,"href":"https:\/\/www.seisida.net\/reunion2025\/wp-json\/wp\/v2\/comments?post=221"}],"version-history":[{"count":4,"href":"https:\/\/www.seisida.net\/reunion2025\/wp-json\/wp\/v2\/pages\/221\/revisions"}],"predecessor-version":[{"id":259,"href":"https:\/\/www.seisida.net\/reunion2025\/wp-json\/wp\/v2\/pages\/221\/revisions\/259"}],"wp:attachment":[{"href":"https:\/\/www.seisida.net\/reunion2025\/wp-json\/wp\/v2\/media?parent=221"}],"curies":[{"name":"wp","href":"https:\/\/api.w.org\/{rel}","templated":true}]}}